{"version":"1.0","provider_name":"Lak\u00e1sfel\u00faj\u00edt\u00e1s, lakberendez\u00e9s","provider_url":"https:\/\/lakasfelujitas.cafeblog.hu","author_name":"Pocogany","author_url":"https:\/\/lakasfelujitas.cafeblog.hu\/author\/pocogany\/","title":"Fest\u00e9s, fest\u00e9kek","html":"<img class=\"alignleft\" style=\"border: 1px solid black;margin: 5px 10px\" title=\"H\u0151szigetel\u0151 belt\u00e9ri fest\u00e9k\" alt=\"H\u0151szigetel\u0151 belt\u00e9ri fest\u00e9k\" src=\"https:\/\/lakasfelujitas.cafeblog.hu\/files\/2013\/07\/belteri-festek-boldog-par1.jpg\" width=\"200\" \/>Nagy \u00f6r\u00f6m\u00fcnkre szolg\u00e1l, hogy honlapunkon \u00fcdv\u00f6z\u00f6lhetj\u00fck \u00d6nt, ahol minden olyan inform\u00e1ci\u00f3t megtal\u00e1l, amely a <strong>fest\u00e9ssel<\/strong> \u00e9s <strong>fest\u00e9kekkel<\/strong> kapcsolatban felmer\u00fclhet \u00d6nben.\r\n\r\nMunkat\u00e1rsaink kiemelt c\u00e9lja, hogy weboldalunk tartalm\u00e1b\u00f3l l\u00e1togat\u00f3ink minden k\u00e9rd\u00e9s\u00fckre v\u00e1laszt kaphassanak a fent eml\u00edtett t\u00e9mak\u00f6r\u00f6n bel\u00fcl.\r\n\r\nAmennyiben \u00d6nnek is akadnak k\u00e9rd\u00e9sei, \u00fagy biztos v\u00e1laszokra sz\u00e1m\u00edthat r\u00e1juk, legyen sz\u00f3 p\u00e9ld\u00e1ul otthonunk sz\u00edneinek vagy ak\u00e1r a legkiv\u00e1l\u00f3bb min\u0151s\u00e9g\u0171 falfest\u00e9kek kiv\u00e1laszt\u00e1s\u00e1r\u00f3l. Seg\u00edts\u00e9g\u00fcnkkel megtudhatja, hogy mi mindenre \u00e9rdemes odafigyelnie a szobafest\u00e9s megkezd\u00e9se el\u0151tt:\r\n\r\nEls\u0151 l\u00e9p\u00e9sk\u00e9nt a <a title=\"fest\u00e9k\" href=\"http:\/\/hoszigetelofestek.hu\/\"><strong>fest\u00e9k<\/strong><\/a> sz\u00edne, illetve a berendez\u00e9si t\u00e1rgyak k\u00f6zti harmoniz\u00e1l\u00e1sra t\u00f6rekedj\u00fcnk. Azok, akik a meleg sz\u00ednek h\u00edvei, v\u00e1lasszanak s\u00e1rg\u00e1s \u00e9s barn\u00e1s \u00e1rnyalatokat. Ha egy sz\u00edn megnyugtat\u00f3 hat\u00e1s\u00e1ra v\u00e1gyik, a z\u00f6ld a j\u00f3 v\u00e1laszt\u00e1s. Ellenben a k\u00e9k sz\u00edn haszn\u00e1lata h\u0171v\u00f6s \u00e9rzetet v\u00e1lthat ki az emberekb\u0151l. A vil\u00e1gos sz\u00edneket javasolunk azoknak, akik kisebb bels\u0151 t\u00e9rrel rendelkeznek, \u00edgy puszt\u00e1n egy j\u00f3 \u00e1rnyalat felvitel\u00e9vel optikailag nagyobb\u00e1 var\u00e1zsolhatj\u00e1k szob\u00e1ikat.\r\n\r\n<!--more-->Fontos \u00fcgyeln\u00fcnk arra is, hogy a belt\u00e9rre haszn\u00e1lt falfest\u00e9kek ne tartalmazzanak k\u00e1ros anyagokat, hiszen az otthon lak\u00f3inak eg\u00e9szs\u00e9gi \u00e1llapot\u00e1t fenyegethetik a nem megfelel\u0151en kiv\u00e1lasztott, old\u00f3szeres anyagok kip\u00e1rolg\u00e1s\u00e1ra hajlamos fest\u00e9kek. Ennek elker\u00fcl\u00e9se \u00e9rdek\u00e9ben v\u00e1lasszon v\u00edzb\u00e1zis\u00fa fajt\u00e1t, amely m\u00e1r a haszn\u00e1lat ut\u00e1n elp\u00e1rolog. A term\u00e9k csomagol\u00e1s\u00e1n tal\u00e1lhat\u00f3 VOC \u00e9rt\u00e9k seg\u00edts\u00e9g\u00e9vel megtudhatja, hogy mekkora a fest\u00e9k k\u00e1ros anyag tartalma, \u00edgy kiv\u00e1laszt\u00e1skor a nulla vagy az ahhoz min\u00e9l ink\u00e1bb k\u00f6zelebbi \u00e9rt\u00e9k el\u0151t\u00e9rbe helyez\u00e9s\u00e9re t\u00f6rekedj\u00fcnk.\r\n\r\nA <strong>belt\u00e9ri fest\u00e9kek<\/strong> beszerz\u00e9sekor felmer\u00fcl\u0151 fontos alapszab\u00e1ly, hogy pen\u00e9szk\u00e9pz\u0151d\u00e9st megg\u00e1tol\u00f3 term\u00e9k mellet d\u00f6nts\u00fcnk. A pen\u00e9szmentes falak el\u00e9r\u00e9s\u00e9nek \u00e9rdek\u00e9ben azonban nem el\u00e9g a megfelel\u0151 fest\u00e9k alkalmaz\u00e1sa, bizonyos el\u0151k\u00e9sz\u00fcletek is sz\u00fcks\u00e9geltetnek hozz\u00e1. Mindenekel\u0151tt fontos a festend\u0151 fel\u00fclet pen\u00e9szmentes\u00edt\u00e9se, majd miut\u00e1n ezzel v\u00e9gezt\u00fcnk, felvihetj\u00fck a p\u00e1ralecsap\u00f3d\u00e1st g\u00e1tl\u00f3 fest\u00e9ket a falra. Ehhez v\u00e1lasszon ker\u00e1miatartalommal rendelkez\u0151 fest\u00e9ket, amely a h\u0151visszaver\u0151 tulajdons\u00e1g\u00e1nak k\u00f6sz\u00f6nhet\u0151en g\u00e1tat szab a p\u00e1ralecsap\u00f3d\u00e1s valamint a pen\u00e9sz kialakul\u00e1s sz\u00e1m\u00e1ra. Nagyobb l\u00e9gter\u0171 szob\u00e1k eset\u00e9n \u00fcgyeln\u00fcnk kell a megfelel\u0151 szell\u0151z\u00e9sre is. Ha nincs m\u00e1s megold\u00e1s, alkalmazhatunk szell\u0151ztet\u0151 k\u00e9sz\u00fcl\u00e9ket, mondjuk az ablak perem\u00e9be belemarva, \u00edgy rejtve marad ez az \u00fcgyes h\u00faz\u00e1s \u00e9s m\u00e9g csak jelent\u0151sebb kiad\u00e1st sem okoz. V\u00e1s\u00e1rl\u00e1skor gondoljunk arra is, hogy id\u0151t\u00e1ll\u00f3 illetve moshat\u00f3 fest\u00e9k ker\u00fclj\u00f6n a kosarunkba.\r\n\r\nA <strong>k\u00fclt\u00e9ri falfest\u00e9kek<\/strong>, m\u00e1s n\u00e9ven <strong>homlokzati fest\u00e9kek<\/strong> est\u00e9ben is sok minden m\u00falik a sz\u00ednv\u00e1laszt\u00e1son, mivel min\u00e9l s\u00f6t\u00e9tebb sz\u00ednt haszn\u00e1lunk, ann\u00e1l t\u00f6bb h\u0151t k\u00e9pes elnyelni a fel\u00fclet, amely \u00edgy a h\u0151terhel\u00e9s miatt hamarabb amortiz\u00e1l\u00f3dik.\r\n\r\n<strong>Tov\u00e1bbi tan\u00e1csaink,<\/strong> amikre mindenk\u00e9pp \u00e9rdemes odafigyelni:\r\n<ul>\r\n\t<li>A fest\u00e9k rendelkezzen UV ellen\u00e1ll\u00f3 k\u00e9pess\u00e9ggel.<\/li>\r\n\t<li>A fest\u00e9k egyenletesen \u00e9s teljes m\u00e9rt\u00e9kben fedje a fel\u00fcletet, az\u00e9rt hogy a sz\u00e9ls\u0151s\u00e9ges id\u0151j\u00e1r\u00e1si k\u00f6r\u00fclm\u00e9nyek sem okozzanak probl\u00e9m\u00e1t. Es\u0151ben, h\u00f3ban, sz\u00e9lben \u00e9s er\u0151s naps\u00fct\u00e9sben is meg\u00e1llja a hely\u00e9t.<\/li>\r\n\t<li>Ink\u00e1bb v\u00e1lassz\u00e1k a min\u0151s\u00e9get, a tart\u00f3s eredm\u00e9ny \u00e9rdek\u00e9ben. A kev\u00e9sb\u00e9 min\u0151s\u00e9gi term\u00e9kek megv\u00e1s\u00e1rl\u00e1s\u00e1val szerzett p\u00e9nzmegtakar\u00edt\u00e1s helyett gondoljanak a hossz\u00fa t\u00e1v\u00fa befektet\u00e9sre, hiszen egyszeri beruh\u00e1z\u00e1ssal hosszabb \u00e9veken \u00e1t mentes\u00fclhet az \u00fajrafest\u00e9s al\u00f3l.<\/li>\r\n<\/ul>\r\nK\u00fcl\u00f6nb\u00f6z\u0151 <strong>k\u00fclt\u00e9ri falfest\u00e9keket<\/strong> fejlesztettek ki f\u00e9mre, f\u00e1ra \u00e9s tet\u0151re is, az\u00e9rt hogy mindenf\u00e9le fel\u00fclet ig\u00e9nyeire t\u00f6k\u00e9letesen alkalmazhat\u00f3ak legyenek.\r\n\r\nA <strong>f\u00e9mfest\u00e9kek<\/strong> nagy el\u0151nye, hogy kiv\u00e1l\u00f3an fedi a f\u00e9mfel\u00fcletet, ezzel magakad\u00e1lyozva, hogy nedvess\u00e9ggel vagy leveg\u0151vel \u00e9rintkezzen, majd az oxid\u00e1ci\u00f3nak k\u00f6sz\u00f6nhet\u0151en rozsd\u00e1sodni kezdjen. Azonban m\u00e9g ennek haszn\u00e1lata el\u0151tt is gondoskodnunk kell a megfelel\u0151 el\u0151k\u00e9sz\u00edt\u00e9sr\u0151l \u00e9s a fel\u00fclet kezel\u00e9s\u00e9r\u0151l.\r\n\r\nA <strong>tet\u0151fest\u00e9kek<\/strong> hab\u00e1r sokak sz\u00e1m\u00e1ra kev\u00e9sb\u00e9 ismertek, de ann\u00e1l fontosabb szerepet tulajdon\u00edtanak sz\u00e1mukra, mivel \u00e1ltaluk ak\u00e1r a tet\u0151 be\u00e1z\u00e1sa is megel\u0151zhet\u0151. Ezen k\u00edv\u00fcl h\u0151visszaver\u0151 k\u00e9pess\u00e9geik r\u00e9v\u00e9n a ny\u00e1ri melegebb id\u0151j\u00e1r\u00e1s ellen\u00e9re, otthonunkban kellemes kl\u00edm\u00e1t ny\u00fajthat, r\u00e1ad\u00e1sul a l\u00e9gkondicion\u00e1l\u00f3 kevesebb haszn\u00e1lat\u00e1t eredm\u00e9nyezheti. El\u0151k\u00e9sz\u00edt\u00e9skor fontos \u00fcgyeln\u00fcnk a tet\u0151n lerak\u00f3dott kosz elt\u00e1vol\u00edt\u00e1s\u00e1ra a t\u00f6k\u00e9letes hat\u00e1s \u00e9rdek\u00e9ben. <a title=\"fafest\u00e9k\" href=\"http:\/\/hoszigetelofestek.hu\/fafestek\/\"><strong>Fafest\u00e9k<\/strong> <\/a>a fav\u00e9delem\u00e9rt.\r\n\r\nA f\u00e1ra alkalmazhat\u00f3 <strong>fest\u00e9kek<\/strong> k\u00f6z\u00f6tt vannak laz\u00far \u00e9s <strong>fed\u0151fest\u00e9kek<\/strong>. Figyelembe kell venn\u00fcnk a fa azon k\u00fcl\u00f6nb\u00f6z\u0151 tulajdons\u00e1gait, mint p\u00e9ld\u00e1ul, hogy szerves \u00e9l\u0151 anyag l\u00e9v\u00e9n \u00e1lland\u00f3an mozg\u00e1sban van, szerkezete folyamatosan v\u00e1ltoz\u00e1sokon esik kereszt\u00fcl. \u00c9ppen ez\u00e9rt r\u00e9szes\u00edtse el\u0151nyben az id\u0151t\u00e1ll\u00f3, ezen v\u00e1ltoz\u00e1sokhoz alkalmazkodni tud\u00f3 <strong>fest\u00e9keket<\/strong>, amelyek emellett legyenek v\u00edzhatlanok, \u00e1m m\u00e9gis p\u00e1ra\u00e1tereszt\u0151ek.\r\n\r\nR\u00f6viden \u00e9s t\u00f6m\u00f6ren ennyit szerett\u00fcnk volna el\u00f6lj\u00e1r\u00f3ban megosztani \u00d6nnel. Tov\u00e1bbi k\u00e9rd\u00e9seire \u00e9s b\u0151vebb inform\u00e1ci\u00f3kra <strong>Fest\u00e9kes<\/strong> szakmai port\u00e1lunk rendelkez\u00e9s\u00e9re \u00e1ll. Rem\u00e9lj\u00fck, m\u00e1r most hasznos tan\u00e1csokkal l\u00e1ttuk el \u00d6nt \u00e9s m\u00e9g sokszor l\u00e1togat el weboldalunkra, keressen fel benn\u00fcnket b\u00e1rmikor. K\u00e9szs\u00e9ggel \u00e1llunk rendelkez\u00e9s\u00e9re.","type":"rich","thumbnail_url":"https:\/\/lakasfelujitas.cafeblog.hu\/files\/2013\/06\/nappali-150x150.jpg","thumbnail_width":150,"thumbnail_height":150}