{"version":"1.0","provider_name":"Lak\u00e1sfel\u00faj\u00edt\u00e1s, lakberendez\u00e9s","provider_url":"https:\/\/lakasfelujitas.cafeblog.hu","author_name":"Pocogany","author_url":"https:\/\/lakasfelujitas.cafeblog.hu\/author\/pocogany\/","title":"Ha g\u00e1zkaz\u00e1nt cser\u00e9l\u00fcnk\u2026","html":"<h3><span style=\"font-family: helvetica;font-size: small\">Hogyan lehet kicser\u00e9lni az elromlott, m\u00e1r nem jav\u00edthat\u00f3 g\u00e1zkaz\u00e1nunkat ma?<\/span><\/h3>\r\n<span style=\"font-family: helvetica;font-size: small\"><a href=\"https:\/\/lakasfelujitas.cafeblog.hu\/2015\/05\/20\/ha-gazkazant-cserelunk\/\"><img class=\"alignleft size-thumbnail wp-image-846\" src=\"https:\/\/lakasfelujitas.cafeblog.hu\/files\/2015\/05\/Vaillant-150x150.jpg\" alt=\"Vaillant\" width=\"150\" height=\"150\" \/><\/a>Megold\u00e1s az <a title=\"G\u00e1zk\u00e9sz\u00fcl\u00e9kek cser\u00e9je\" href=\"http:\/\/gazszerviz.com\/\" target=\"_blank\">egyszer\u0171s\u00edtett g\u00e1zk\u00e9sz\u00fcl\u00e9k csere elj\u00e1r\u00e1s<\/a>. Felt\u00e9tel, hogy a csere nem j\u00e1rhat fogyaszt\u00f3i g\u00e1zvezet\u00e9k \u00e1talak\u00edt\u00e1s\u00e1val, cser\u00e9j\u00e9vel.<\/span>\r\n\r\n<span style=\"font-family: helvetica;font-size: small\">Els\u0151 k\u00f6rben sz\u00fcks\u00e9g lesz egy k\u00e9m\u00e9nysepr\u0151i szakv\u00e9lem\u00e9nyre. Itt \u00e1ll, vagy bukik az olcs\u00f3 megold\u00e1sok lehet\u0151s\u00e9ge. Ha a szakv\u00e9lem\u00e9ny enged\u00e9lyezi hasonl\u00f3 k\u00e9sz\u00fcl\u00e9k felszerel\u00e9s\u00e9t, aminek a teljes\u00edtm\u00e9nye nem lehet nagyobb, mint 36 KW, elh\u00edvjuk a min\u0151s\u00edtett g\u00e1zszerel\u0151 szakembert, aki leszereli a r\u00e9gi kaz\u00e1nt, \u00e9s felszereli, be\u00fczemeli az \u00fajat. F\u00f6l kell m\u00e9g szereltetn\u00fcnk egy sz\u00e9nmonoxid \u00e9rz\u00e9kel\u0151t is.<\/span>\r\n\r\n<span style=\"font-family: helvetica;font-size: small\">Ha a k\u00e9m\u00e9ny\u00fcnk \u00e9s a k\u00e9sz\u00fcl\u00e9k k\u00f6rnyezete nem teszi lehet\u0151v\u00e9 a nyitott \u00e9g\u00e9ster\u0171 kaz\u00e1n m\u0171k\u00f6dtet\u00e9s\u00e9t, \u00e9s nem felel meg a z\u00e1rt \u00e9g\u00e9ster\u0171 kaz\u00e1nnak, akkor sz\u00fcks\u00e9ges lesz a k\u00e9m\u00e9ny b\u00e9lel\u00e9se, ami emeli a k\u00f6lts\u00e9get. Kell m\u00e9g egy EPH jegyz\u0151k\u00f6nyv, ami igazolja, hogy elektromos, \u00e9s f\u00f6ldel\u00e9s szempontj\u00e1b\u00f3l szabv\u00e1nyos a kaz\u00e1ncsere.<\/span>\r\n\r\n<strong><span style=\"font-family: helvetica;font-size: small\">Az egyszer\u0171s\u00edtett g\u00e1zk\u00e9sz\u00fcl\u00e9k csere elj\u00e1r\u00e1ssal teh\u00e1t megsp\u00f3roljuk az g\u00e1zterv elk\u00e9sz\u00edt\u00e9s\u00e9t, \u00e9s a MEO-t.<\/span><\/strong>\r\n<h3><span style=\"font-family: helvetica;font-size: small\">Hogyan lehet kicser\u00e9lni az elromlott, m\u00e1r nem jav\u00edthat\u00f3 g\u00e1zkaz\u00e1nunkat szeptember 26. ut\u00e1n?<\/span><\/h3>\r\n<!--more-->\r\n\r\n<span style=\"font-family: helvetica;font-size: small\"><a href=\"https:\/\/lakasfelujitas.cafeblog.hu\/files\/2015\/05\/remeha-quinta-pro-45.jpg\"><img class=\"aligncenter wp-image-847 size-large\" src=\"https:\/\/lakasfelujitas.cafeblog.hu\/files\/2015\/05\/remeha-quinta-pro-45-424x600.jpg\" alt=\"remeha-quinta-pro-45\" width=\"424\" height=\"600\" \/><\/a>2015 szeptember 26.-a ut\u00e1n az Uni\u00f3s szab\u00e1lyok, m\u00e1r csak hat\u00e9kony kondenz\u00e1ci\u00f3s kaz\u00e1nok felszerel\u00e9s\u00e9t teszi lehet\u0151v\u00e9 (igaz m\u00e9g folynak az egyeztet\u00e9sek) az egyszer\u0171s\u00edtett g\u00e1zk\u00e9sz\u00fcl\u00e9k csere elj\u00e1r\u00e1s eset\u00e9n is.<\/span>\r\n\r\n<span style=\"font-family: helvetica;font-size: small\">A szab\u00e1ly v\u00e1ltoz\u00e1sa alapvet\u0151en a g\u00e1zk\u00e9sz\u00fcl\u00e9kek forgalomba hozatal\u00e1ra vonatkozik. Az\u00e9rt sz\u00f3lnak a h\u00edrek a k\u00e9t \u00e9ves t\u00fcrelmi id\u0151r\u0151l, a bevezet\u00e9ssel kapcsolatban, mert a m\u00e1r enged\u00e9lyezett g\u00e1ztervek \u00e9rv\u00e9nyess\u00e9ge 2 \u00e9v. Ezek az enged\u00e9lyekben egy\u00e9bk\u00e9nt m\u00e1r a z\u00e1rt \u00e9g\u00e9ster\u0171 turb\u00f3s kaz\u00e1nok szerepelnek. \u00a0\u00a0<\/span>\r\n\r\n<span style=\"font-family: helvetica;font-size: small\">Ez a v\u00e1ltoz\u00e1s mindenk\u00e9pp sz\u00fcks\u00e9gess\u00e9 teszi majd a k\u00e9m\u00e9ny\u00fcnk ut\u00f3lagos b\u00e9lel\u00e9s\u00e9t. Az \u00faj kaz\u00e1n felszerel\u00e9se is k\u00f6lts\u00e9gesebb lesz, hiszen meg kell oldani a kondenzv\u00edz elvezet\u00e9s\u00e9t is.<\/span>\r\n\r\n<span style=\"font-family: helvetica;font-size: small\">Mindent egybevetve, ha a k\u00e9m\u00e9nyszakv\u00e9lem\u00e9ny nem teszi lehet\u0151v\u00e9 a nyitott rendszer\u0171 kaz\u00e1n felszerel\u00e9s\u00e9t, a csere igen k\u00f6lts\u00e9ges m\u00e1r most is.<\/span>","type":"rich"}