{"version":"1.0","provider_name":"Lak\u00e1sfel\u00faj\u00edt\u00e1s, lakberendez\u00e9s","provider_url":"https:\/\/lakasfelujitas.cafeblog.hu","author_name":"Pocogany","author_url":"https:\/\/lakasfelujitas.cafeblog.hu\/author\/pocogany\/","title":"A lak\u00e1sfel\u00faj\u00edt\u00e1s leg\u00fajabb trendjei","html":"<strong><a href=\"https:\/\/lakasfelujitas.cafeblog.hu\/files\/2017\/09\/nappali.jpg\"><img class=\"alignleft wp-image-1017\" src=\"https:\/\/lakasfelujitas.cafeblog.hu\/files\/2017\/09\/nappali-600x546.jpg\" alt=\"\" width=\"255\" height=\"232\" \/><\/a>A lak\u00e1sunk bels\u0151 tereinek kialak\u00edt\u00e1s\u00e1ban nem egyszer\u0171 trendk\u00f6vet\u0151nek lenni, hiszen annyiszor nem tudjuk fel\u00faj\u00edtani, \u00e1talak\u00edtani a lak\u00e1st, amilyen gyorsan a divat v\u00e1ltozik.<\/strong>\r\n\r\nUgyanakkor egy otthon att\u00f3l lesz egyedi \u00e9s csak a mi\u00e9nk, hogy ott olyan megold\u00e1sokra t\u00f6reksz\u00fcnk, amelyek a saj\u00e1t \u00e9s csal\u00e1dunk \u00edzl\u00e9svil\u00e1g\u00e1t t\u00fckr\u00f6zik, \u00edgy v\u00e1lik a lak\u00e1s is egy \u00f6nkifejez\u00e9si form\u00e1v\u00e1.\r\n\r\nCikk\u00fcnkben bemutatjuk, hogyan tudunk id\u0151t\u00e1ll\u00f3ak lenni a lakberendez\u00e9sben (vagyis milyen kialak\u00edt\u00e1sok \u00edvelnek \u00e1t a trendeken), \u00e1m amennyiben m\u00e9gis naprak\u00e9szen k\u00f6vetn\u00e9nk a trendeket, \u00fagy azt is megmutatjuk, milyenek a divatos lak\u00e1sbels\u0151k id\u00e9n.\r\n\r\n<strong>Id\u0151t\u00e1ll\u00f3 \u00e9s egyedi<\/strong>\r\n\r\nAmikor a lak\u00e1sunkat fel\u00faj\u00edtjuk, akkor egyben korszer\u0171s\u00edteni is szeretn\u00e9nk, \u00e9s az elavult tartoz\u00e9kokat szeretn\u00e9nk modernebbre \u00e9s korszer\u0171bbre cser\u00e9lni. Ez \u00edgy teljesen term\u00e9szetes ig\u00e9ny, \u00e1m mindig alaposan vizsg\u00e1ljuk meg, hogy mit mire szeretn\u00e9nk kicser\u00e9lni.<!--more--> Ha p\u00e9ld\u00e1ul olyan ny\u00edl\u00e1sz\u00e1r\u00f3kkal rendelkezik a lak\u00e1s, amelyek sokkal komolyabb anyagokb\u00f3l k\u00e9sz\u00fcltek, mint a maiak, \u00e9s sokkal szebbek is (p\u00e9ld\u00e1ul egy polg\u00e1ri lak\u00e1s eset\u00e9ben), akkor nagy val\u00f3sz\u00edn\u0171s\u00e9ggel \u00e9rdemesebb megmenteni az ut\u00f3kornak egy fel\u00faj\u00edt\u00e1ssal, mint mai, sokszor gyeng\u00e9bb min\u0151s\u00e9g\u0171ekre cser\u00e9lni azokat.\r\n\r\nUgyan\u00edgy, m\u00edg kor\u00e1bban a j\u00f3l\u00e9t jele volt a hatalmas belmagass\u00e1g, ma m\u00e1r ez ink\u00e1bb teher a magas f\u0171t\u00e9ssz\u00e1mla miatt, ez\u00e9rt igyeksz\u00fcnk a szob\u00e1k, helyis\u00e9gek belmagass\u00e1g\u00e1t kisebbre venni. Miel\u0151tt ennek nekil\u00e1tn\u00e1nk, fontoljuk meg, hogy egy gal\u00e9ria kialak\u00edt\u00e1s\u00e1val nem nyern\u00e9nk-e t\u00f6bbet, mint \u00e1lmennyezet be\u00e9p\u00edt\u00e9s\u00e9vel.\r\n<p style=\"text-align: left\">A b\u00fatorok kiv\u00e1laszt\u00e1s\u00e1n\u00e1l is legy\u00fcnk k\u00f6r\u00fcltekint\u0151ek, hiszen a legt\u00f6bb\u00fcnknek nem \u00e1ll azokat m\u00f3dj\u00e1ban lecser\u00e9lni \u00e9vr\u0151l-\u00e9vre. Ink\u00e1bb v\u00e1lasszunk szebb \u00e9s tart\u00f3sabb kialak\u00edt\u00e1s\u00fa, ugyanakkor dr\u00e1g\u00e1bb b\u00fatorokat, mint sil\u00e1ny min\u0151s\u00e9g\u0171 anyagb\u00f3l k\u00e9sz\u00fclt olcs\u00f3bbakat.<\/p>\r\n<p style=\"text-align: center\"><a href=\"https:\/\/lakasfelujitas.cafeblog.hu\/files\/2017\/09\/konyha-nappali.jpg\"><img class=\"aligncenter size-large wp-image-1018\" src=\"https:\/\/lakasfelujitas.cafeblog.hu\/files\/2017\/09\/konyha-nappali-600x400.jpg\" alt=\"\" width=\"600\" height=\"400\" \/><\/a><\/p>\r\n<strong>2017-es trendek a lak\u00e1sbels\u0151 kialak\u00edt\u00e1s\u00e1ban<\/strong>\r\n\r\nAz \u00e1lland\u00f3s\u00e1g mellett sokan szeretj\u00fck, ha otthonunk folyamatosan meg\u00fajul, ebben jelenthet seg\u00edts\u00e9get, ha id\u0151r\u0151l-id\u0151re k\u00f6vetj\u00fck, mik az aktu\u00e1lis trendek ezen a ter\u00fcleten. N\u00e9h\u00e1ny apr\u00f3 \u00f6tlettel gyorsan feldobhatjuk a lak\u00e1st vagy egy-egy helyis\u00e9get, id\u00e9n p\u00e9ld\u00e1ul ezekkel az ir\u00e1nyzatokkal:\r\n\r\nT\u00f6bb \u00e9vig tartott\u00e1k magukat a lakberendez\u00e9sben a feh\u00e9r \u00e9s a hideg sz\u00ednek \u00e1rnyalatai, id\u00e9n visszaj\u00f6ttek a meleg, mediterr\u00e1n sz\u00ednek \u00e9s anyagok. A t\u00e9gla- \u00e9s k\u0151hat\u00e1s\u00fa fel\u00fcletek matt, term\u00e9szetes sz\u00ednekben mutatnak a legszebben a lak\u00e1sban. Id\u00e9n visszat\u00e9rt a parafa burkolat is, mely szint\u00e9n melegs\u00e9get, bar\u00e1ts\u00e1gos hangulatot \u00e1raszt, ak\u00e1r padl\u00f3n, ak\u00e1r a falakon alkalmazzuk. \u00dajdons\u00e1g, hogy a paraf\u00e1t ma m\u00e1r ak\u00e1r f\u00fcrd\u0151szob\u00e1k falainak burkol\u00e1s\u00e1ra is haszn\u00e1lhatjuk, ett\u0151l a helyis\u00e9gt\u0151l sem idegen.\r\n\r\nA sz\u00edneket tekintve id\u00e9n az eg\u00e9szen m\u00e9lyz\u00f6ld \u00e1rnyalatok domin\u00e1lnak a lakberendez\u00e9sben, ak\u00e1r falfest\u00e9sben, ak\u00e1r a padl\u00f3 sz\u00edn\u00e9ben gondolkodunk, b\u00e1tran alkalmazhatjuk ezt a sz\u00ednt. M\u00e9g eleg\u00e1nsabb\u00e1 tehetj\u00fck otthonunkat, ha a kieg\u00e9sz\u00edt\u0151ket \u00fagy v\u00e1logatjuk \u00f6ssze, hogy fokozz\u00e1k az \u00f6sszhat\u00e1st: r\u00e9z l\u00e1mp\u00e1val, b\u0151rrel, sz\u0151rm\u00e9s kieg\u00e9sz\u00edt\u0151kkel. Id\u00e9n is divatosak m\u00e9g a <em><strong><a href=\"http:\/\/www.dekortar.hu\/plakat-nyomtatas\">retro plak\u00e1tok, k\u00e9sz\u00edt\u00e9sekor<\/a><\/strong><\/em> v\u00e1lasszunk az adott helyis\u00e9ghez sz\u00ednben harmoniz\u00e1l\u00f3 \u00e1rnyalat\u00fat (<a href=\"http:\/\/www.dekortar.hu\/\">a <em><strong>digit\u00e1lis nyomd\u00e1kban seg\u00edtenek<\/strong><\/em><\/a> az elk\u00e9sz\u00edt\u00e9sben).\r\n<p style=\"text-align: center\"><a href=\"https:\/\/lakasfelujitas.cafeblog.hu\/files\/2017\/09\/egyszeruen-szep.jpg\"><img class=\"aligncenter size-large wp-image-1019\" src=\"https:\/\/lakasfelujitas.cafeblog.hu\/files\/2017\/09\/egyszeruen-szep-600x400.jpg\" alt=\"\" width=\"600\" height=\"400\" \/><\/a><\/p>\r\n\u00dajra divatosak lettek a k\u00e1rpitozott \u00e1gyt\u00e1ml\u00e1k, melyeket ak\u00e1r b\u0151rrel, b\u00e1rsonnyal, selyemmel is beh\u00fazathatunk. Ha id\u00e9n divatk\u00f6vet\u0151k szeretn\u00e9nk lenni, akkor az \u00e1gyt\u00e1mla legyen min\u00e9l nagyobb \u00e9s min\u00e9l eleg\u00e1nsabb kivitelez\u00e9s\u0171.","type":"rich","thumbnail_url":"https:\/\/lakasfelujitas.cafeblog.hu\/files\/2017\/09\/nappali-150x150.jpg","thumbnail_width":150,"thumbnail_height":150}